{"id":1186,"date":"2023-03-04T10:57:20","date_gmt":"2023-03-04T10:57:20","guid":{"rendered":"https:\/\/www.feelcalabria.com\/chi-sono\/"},"modified":"2023-10-21T14:11:57","modified_gmt":"2023-10-21T14:11:57","slug":"chi-sono","status":"publish","type":"page","link":"https:\/\/www.feelcalabria.com\/it\/chi-sono\/","title":{"rendered":"Chi sono"},"content":{"rendered":"\t\t<div data-elementor-type=\"wp-page\" data-elementor-id=\"1186\" class=\"elementor elementor-1186\" data-elementor-post-type=\"page\">\n\t\t\t\t<div class=\"elementor-element elementor-element-248bc44 e-con-full e-flex e-con e-parent\" data-id=\"248bc44\" data-element_type=\"container\" data-e-type=\"container\">\n\t\t<div class=\"elementor-element elementor-element-f35c40f e-con-full e-flex e-con e-child\" data-id=\"f35c40f\" data-element_type=\"container\" data-e-type=\"container\" data-settings=\"{&quot;background_background&quot;:&quot;classic&quot;}\">\n\t\t\t\t<div class=\"elementor-element elementor-element-98402a9 elementor-widget elementor-widget-spacer\" data-id=\"98402a9\" data-element_type=\"widget\" data-e-type=\"widget\" data-widget_type=\"spacer.default\">\n\t\t\t\t<div class=\"elementor-widget-container\">\n\t\t\t\t\t\t\t<div class=\"elementor-spacer\">\n\t\t\t<div class=\"elementor-spacer-inner\"><\/div>\n\t\t<\/div>\n\t\t\t\t\t\t<\/div>\n\t\t\t\t<\/div>\n\t\t\t\t<\/div>\n\t\t<div class=\"elementor-element elementor-element-d0b1eb7 e-con-full e-flex e-con e-child\" data-id=\"d0b1eb7\" data-element_type=\"container\" data-e-type=\"container\">\n\t\t\t\t<div class=\"elementor-element elementor-element-1f8e80a elementor-widget elementor-widget-heading\" data-id=\"1f8e80a\" data-element_type=\"widget\" data-e-type=\"widget\" data-widget_type=\"heading.default\">\n\t\t\t\t<div class=\"elementor-widget-container\">\n\t\t\t\t\t<h1 class=\"elementor-heading-title elementor-size-default\">chi sono<\/h1>\t\t\t\t<\/div>\n\t\t\t\t<\/div>\n\t\t\t\t<div class=\"elementor-element elementor-element-0377dd9 elementor-widget elementor-widget-text-editor\" data-id=\"0377dd9\" data-element_type=\"widget\" data-e-type=\"widget\" data-widget_type=\"text-editor.default\">\n\t\t\t\t<div class=\"elementor-widget-container\">\n\t\t\t\t\t\t\t\t\t<p>Benvenuti in un mondo di esperienze indimenticabili in Calabria! Sono Isabella e da oltre 20 anni vivo in questo territorio meraviglioso. Sono fiera di essere parte di questa comunit\u00e0 e di poter condividere con voi la mia passione per questa terra.<\/p>\t\t\t\t\t\t\t\t<\/div>\n\t\t\t\t<\/div>\n\t\t\t\t<\/div>\n\t\t\t\t<\/div>\n\t\t<div class=\"elementor-element elementor-element-6345fec e-con-full e-flex e-con e-parent\" data-id=\"6345fec\" data-element_type=\"container\" data-e-type=\"container\">\n\t\t<div class=\"elementor-element elementor-element-9df3a4b e-con-full e-flex e-con e-child\" data-id=\"9df3a4b\" data-element_type=\"container\" data-e-type=\"container\">\n\t\t\t\t<div class=\"elementor-element elementor-element-9af2d0c elementor-widget elementor-widget-heading\" data-id=\"9af2d0c\" data-element_type=\"widget\" data-e-type=\"widget\" data-widget_type=\"heading.default\">\n\t\t\t\t<div class=\"elementor-widget-container\">\n\t\t\t\t\t<h1 class=\"elementor-heading-title elementor-size-default\">io e la Calabria<\/h1>\t\t\t\t<\/div>\n\t\t\t\t<\/div>\n\t\t\t\t<div class=\"elementor-element elementor-element-e34175c elementor-widget elementor-widget-text-editor\" data-id=\"e34175c\" data-element_type=\"widget\" data-e-type=\"widget\" data-widget_type=\"text-editor.default\">\n\t\t\t\t<div class=\"elementor-widget-container\">\n\t\t\t\t\t\t\t\t\t<p>Immaginate di esplorare i paesaggi mozzafiato della Calabria a bordo di un quad, di scoprire luoghi meravigliosi con il trekking, di volare in parapendio tra le montagne e il mare o di scoprire i segreti della cucina locale durante un cooking show. E questo \u00e8 solo l\u2019inizio! Con le mie escursioni guidate, vi porter\u00f2 alla scoperta dei borghi pi\u00f9 incantevoli e vi far\u00f2 vivere esperienze uniche e autentiche.<\/p>\t\t\t\t\t\t\t\t<\/div>\n\t\t\t\t<\/div>\n\t\t\t\t<\/div>\n\t\t<div class=\"elementor-element elementor-element-bf84c08 e-con-full e-flex e-con e-child\" data-id=\"bf84c08\" data-element_type=\"container\" data-e-type=\"container\" data-settings=\"{&quot;background_background&quot;:&quot;classic&quot;}\">\n\t\t\t\t<div class=\"elementor-element elementor-element-94d4346 elementor-widget elementor-widget-spacer\" data-id=\"94d4346\" data-element_type=\"widget\" data-e-type=\"widget\" data-widget_type=\"spacer.default\">\n\t\t\t\t<div class=\"elementor-widget-container\">\n\t\t\t\t\t\t\t<div class=\"elementor-spacer\">\n\t\t\t<div class=\"elementor-spacer-inner\"><\/div>\n\t\t<\/div>\n\t\t\t\t\t\t<\/div>\n\t\t\t\t<\/div>\n\t\t\t\t<\/div>\n\t\t\t\t<\/div>\n\t\t<div class=\"elementor-element elementor-element-4ab2c1c e-con-full e-flex e-con e-parent\" data-id=\"4ab2c1c\" data-element_type=\"container\" data-e-type=\"container\">\n\t\t<div class=\"elementor-element elementor-element-0b010a3 e-con-full e-flex e-con e-child\" data-id=\"0b010a3\" data-element_type=\"container\" data-e-type=\"container\" data-settings=\"{&quot;background_background&quot;:&quot;classic&quot;}\">\n\t\t\t\t<div class=\"elementor-element elementor-element-6a6ce85 elementor-widget elementor-widget-spacer\" data-id=\"6a6ce85\" data-element_type=\"widget\" data-e-type=\"widget\" data-widget_type=\"spacer.default\">\n\t\t\t\t<div class=\"elementor-widget-container\">\n\t\t\t\t\t\t\t<div class=\"elementor-spacer\">\n\t\t\t<div class=\"elementor-spacer-inner\"><\/div>\n\t\t<\/div>\n\t\t\t\t\t\t<\/div>\n\t\t\t\t<\/div>\n\t\t\t\t<\/div>\n\t\t<div class=\"elementor-element elementor-element-40dfee4 e-con-full e-flex e-con e-child\" data-id=\"40dfee4\" data-element_type=\"container\" data-e-type=\"container\">\n\t\t\t\t<div class=\"elementor-element elementor-element-34be063 elementor-widget elementor-widget-heading\" data-id=\"34be063\" data-element_type=\"widget\" data-e-type=\"widget\" data-widget_type=\"heading.default\">\n\t\t\t\t<div class=\"elementor-widget-container\">\n\t\t\t\t\t<h1 class=\"elementor-heading-title elementor-size-default\">esperienze e aventura <\/h1>\t\t\t\t<\/div>\n\t\t\t\t<\/div>\n\t\t\t\t<div class=\"elementor-element elementor-element-97a1ebc elementor-widget elementor-widget-text-editor\" data-id=\"97a1ebc\" data-element_type=\"widget\" data-e-type=\"widget\" data-widget_type=\"text-editor.default\">\n\t\t\t\t<div class=\"elementor-widget-container\">\n\t\t\t\t\t\t\t\t\t<p>Sono orgogliosa di collaborare con i professionisti del luogo per offrirvi esperienze autentiche e di alta qualit\u00e0. Siate pronti a vivere un&#8217;avventura indimenticabile e a scoprire la bellezza segreta della Calabria. Vi aspetto per condividere questa esperienza insieme!<\/p>\t\t\t\t\t\t\t\t<\/div>\n\t\t\t\t<\/div>\n\t\t\t\t<\/div>\n\t\t\t\t<\/div>\n\t\t\t\t<section class=\"elementor-section elementor-top-section elementor-element elementor-element-448773e8 elementor-section-height-min-height elementor-section-items-stretch elementor-section-content-bottom elementor-reverse-tablet elementor-hidden-desktop elementor-hidden-tablet elementor-hidden-mobile elementor-section-boxed elementor-section-height-default\" data-id=\"448773e8\" data-element_type=\"section\" data-e-type=\"section\" data-settings=\"{&quot;background_background&quot;:&quot;classic&quot;}\">\n\t\t\t\t\t\t<div class=\"elementor-container elementor-column-gap-no\">\n\t\t\t\t\t<div class=\"elementor-column elementor-col-50 elementor-top-column elementor-element elementor-element-43fa8dab\" data-id=\"43fa8dab\" data-element_type=\"column\" data-e-type=\"column\">\n\t\t\t<div class=\"elementor-widget-wrap\">\n\t\t\t\t\t\t\t<\/div>\n\t\t<\/div>\n\t\t\t\t<div class=\"elementor-column elementor-col-50 elementor-top-column elementor-element elementor-element-27eced9a\" data-id=\"27eced9a\" data-element_type=\"column\" data-e-type=\"column\" data-settings=\"{&quot;background_background&quot;:&quot;classic&quot;}\">\n\t\t\t<div class=\"elementor-widget-wrap elementor-element-populated\">\n\t\t\t\t\t\t<div class=\"elementor-element elementor-element-6591806b elementor-invisible elementor-widget elementor-widget-heading\" data-id=\"6591806b\" data-element_type=\"widget\" data-e-type=\"widget\" data-settings=\"{&quot;_animation&quot;:&quot;fadeInUp&quot;,&quot;_animation_delay&quot;:200}\" data-widget_type=\"heading.default\">\n\t\t\t\t<div class=\"elementor-widget-container\">\n\t\t\t\t\t<h1 class=\"elementor-heading-title elementor-size-default\">Chi sono<\/h1>\t\t\t\t<\/div>\n\t\t\t\t<\/div>\n\t\t\t\t<div class=\"elementor-element elementor-element-3ec9e140 elementor-invisible elementor-widget elementor-widget-text-editor\" data-id=\"3ec9e140\" data-element_type=\"widget\" data-e-type=\"widget\" data-settings=\"{&quot;_animation&quot;:&quot;fadeInUp&quot;,&quot;_animation_delay&quot;:400}\" data-widget_type=\"text-editor.default\">\n\t\t\t\t<div class=\"elementor-widget-container\">\n\t\t\t\t\t\t\t\t\t<p>Benvenuti in un mondo di esperienze indimenticabili in Calabria! Sono Isabella e da oltre 20 anni vivo in questo territorio meraviglioso. Sono fiera di essere parte di questa comunit\u00e0 e di poter condividere con voi la mia passione per questa terra.<\/p>\t\t\t\t\t\t\t\t<\/div>\n\t\t\t\t<\/div>\n\t\t\t\t<div class=\"elementor-element elementor-element-24cc6210 elementor-widget__width-initial elementor-widget-tablet__width-inherit elementor-widget-mobile__width-inherit elementor-absolute elementor-widget elementor-widget-spacer\" data-id=\"24cc6210\" data-element_type=\"widget\" data-e-type=\"widget\" data-settings=\"{&quot;_position&quot;:&quot;absolute&quot;}\" data-widget_type=\"spacer.default\">\n\t\t\t\t<div class=\"elementor-widget-container\">\n\t\t\t\t\t\t\t<div class=\"elementor-spacer\">\n\t\t\t<div class=\"elementor-spacer-inner\"><\/div>\n\t\t<\/div>\n\t\t\t\t\t\t<\/div>\n\t\t\t\t<\/div>\n\t\t\t\t\t<\/div>\n\t\t<\/div>\n\t\t\t\t\t<\/div>\n\t\t<\/section>\n\t\t\t\t<section class=\"elementor-section elementor-top-section elementor-element elementor-element-4d493432 elementor-section-height-min-height elementor-section-items-stretch elementor-section-content-middle elementor-hidden-desktop elementor-hidden-tablet elementor-hidden-mobile elementor-section-boxed elementor-section-height-default\" data-id=\"4d493432\" data-element_type=\"section\" data-e-type=\"section\" data-settings=\"{&quot;background_background&quot;:&quot;classic&quot;}\">\n\t\t\t\t\t\t<div class=\"elementor-container elementor-column-gap-no\">\n\t\t\t\t\t<div class=\"elementor-column elementor-col-100 elementor-top-column elementor-element elementor-element-1d49104c\" data-id=\"1d49104c\" data-element_type=\"column\" data-e-type=\"column\" data-settings=\"{&quot;background_background&quot;:&quot;classic&quot;}\">\n\t\t\t<div class=\"elementor-widget-wrap elementor-element-populated\">\n\t\t\t\t\t\t<div class=\"elementor-element elementor-element-76e05323 elementor-invisible elementor-widget elementor-widget-heading\" data-id=\"76e05323\" data-element_type=\"widget\" data-e-type=\"widget\" data-settings=\"{&quot;_animation&quot;:&quot;fadeIn&quot;,&quot;_animation_delay&quot;:400}\" data-widget_type=\"heading.default\">\n\t\t\t\t<div class=\"elementor-widget-container\">\n\t\t\t\t\t<h2 class=\"elementor-heading-title elementor-size-default\">Io e la Calabria<\/h2>\t\t\t\t<\/div>\n\t\t\t\t<\/div>\n\t\t\t\t<div class=\"elementor-element elementor-element-4bd9b352 elementor-invisible elementor-widget elementor-widget-text-editor\" data-id=\"4bd9b352\" data-element_type=\"widget\" data-e-type=\"widget\" data-settings=\"{&quot;_animation&quot;:&quot;fadeIn&quot;,&quot;_animation_delay&quot;:600}\" data-widget_type=\"text-editor.default\">\n\t\t\t\t<div class=\"elementor-widget-container\">\n\t\t\t\t\t\t\t\t\t<p>Immaginate di esplorare i paesaggi mozzafiato della Calabria a bordo di un quad, di scoprire luoghi meravigliosi con il trekking, di volare in parapendio tra le montagne e il mare o di scoprire i segreti della cucina locale durante un cooking show. E questo \u00e8 solo l&#8217;inizio! Con le mie escursioni guidate, vi porter\u00f2 alla scoperta dei borghi pi\u00f9 incantevoli e vi far\u00f2 vivere esperienze uniche e autentiche.<\/p>\t\t\t\t\t\t\t\t<\/div>\n\t\t\t\t<\/div>\n\t\t\t\t<div class=\"elementor-element elementor-element-25b37672 elementor-invisible elementor-widget elementor-widget-image\" data-id=\"25b37672\" data-element_type=\"widget\" data-e-type=\"widget\" data-settings=\"{&quot;_animation&quot;:&quot;fadeIn&quot;,&quot;_animation_delay&quot;:800}\" data-widget_type=\"image.default\">\n\t\t\t\t<div class=\"elementor-widget-container\">\n\t\t\t\t\t\t\t\t\t\t\t\t\t\t\t<img fetchpriority=\"high\" decoding=\"async\" width=\"405\" height=\"341\" src=\"https:\/\/www.feelcalabria.com\/wp-content\/uploads\/2023\/02\/cropped-feelcalabria-Logo.png\" class=\"attachment-large size-large wp-image-35\" alt=\"\" srcset=\"https:\/\/www.feelcalabria.com\/wp-content\/uploads\/2023\/02\/cropped-feelcalabria-Logo.png 405w, https:\/\/www.feelcalabria.com\/wp-content\/uploads\/2023\/02\/cropped-feelcalabria-Logo-300x253.png 300w, https:\/\/www.feelcalabria.com\/wp-content\/uploads\/2023\/02\/cropped-feelcalabria-Logo-200x168.png 200w, https:\/\/www.feelcalabria.com\/wp-content\/uploads\/2023\/02\/cropped-feelcalabria-Logo-213x179.png 213w\" sizes=\"(max-width: 405px) 100vw, 405px\" \/>\t\t\t\t\t\t\t\t\t\t\t\t\t\t\t<\/div>\n\t\t\t\t<\/div>\n\t\t\t\t\t<\/div>\n\t\t<\/div>\n\t\t\t\t\t<\/div>\n\t\t<\/section>\n\t\t\t\t<section class=\"elementor-section elementor-top-section elementor-element elementor-element-3d1b478 elementor-section-height-min-height elementor-section-items-stretch elementor-section-content-bottom elementor-reverse-tablet elementor-hidden-desktop elementor-hidden-tablet elementor-hidden-mobile elementor-section-boxed elementor-section-height-default\" data-id=\"3d1b478\" data-element_type=\"section\" data-e-type=\"section\" data-settings=\"{&quot;background_background&quot;:&quot;classic&quot;}\">\n\t\t\t\t\t\t<div class=\"elementor-container elementor-column-gap-no\">\n\t\t\t\t\t<div class=\"elementor-column elementor-col-50 elementor-top-column elementor-element elementor-element-a9ec0fa\" data-id=\"a9ec0fa\" data-element_type=\"column\" data-e-type=\"column\">\n\t\t\t<div class=\"elementor-widget-wrap\">\n\t\t\t\t\t\t\t<\/div>\n\t\t<\/div>\n\t\t\t\t<div class=\"elementor-column elementor-col-50 elementor-top-column elementor-element elementor-element-90bc780\" data-id=\"90bc780\" data-element_type=\"column\" data-e-type=\"column\" data-settings=\"{&quot;background_background&quot;:&quot;classic&quot;}\">\n\t\t\t<div class=\"elementor-widget-wrap elementor-element-populated\">\n\t\t\t\t\t\t<div class=\"elementor-element elementor-element-88fa236 elementor-invisible elementor-widget elementor-widget-heading\" data-id=\"88fa236\" data-element_type=\"widget\" data-e-type=\"widget\" data-settings=\"{&quot;_animation&quot;:&quot;fadeInUp&quot;,&quot;_animation_delay&quot;:200}\" data-widget_type=\"heading.default\">\n\t\t\t\t<div class=\"elementor-widget-container\">\n\t\t\t\t\t<h1 class=\"elementor-heading-title elementor-size-default\">Esperienze e Avventura <\/h1>\t\t\t\t<\/div>\n\t\t\t\t<\/div>\n\t\t\t\t<div class=\"elementor-element elementor-element-dd57bb8 elementor-invisible elementor-widget elementor-widget-text-editor\" data-id=\"dd57bb8\" data-element_type=\"widget\" data-e-type=\"widget\" data-settings=\"{&quot;_animation&quot;:&quot;fadeInUp&quot;,&quot;_animation_delay&quot;:400}\" data-widget_type=\"text-editor.default\">\n\t\t\t\t<div class=\"elementor-widget-container\">\n\t\t\t\t\t\t\t\t\t<p>Sono orgogliosa di collaborare con i professionisti del luogo per offrirvi esperienze autentiche e di alta qualit\u00e0. Siate pronti a vivere un&#8217;avventura indimenticabile e a scoprire la bellezza segreta della Calabria. Vi aspetto per condividere questa esperienza insieme!&#8221;<\/p>\t\t\t\t\t\t\t\t<\/div>\n\t\t\t\t<\/div>\n\t\t\t\t<div class=\"elementor-element elementor-element-a6f423e elementor-widget__width-initial elementor-widget-tablet__width-inherit elementor-widget-mobile__width-inherit elementor-absolute elementor-widget elementor-widget-spacer\" data-id=\"a6f423e\" data-element_type=\"widget\" data-e-type=\"widget\" data-settings=\"{&quot;_position&quot;:&quot;absolute&quot;}\" data-widget_type=\"spacer.default\">\n\t\t\t\t<div class=\"elementor-widget-container\">\n\t\t\t\t\t\t\t<div class=\"elementor-spacer\">\n\t\t\t<div class=\"elementor-spacer-inner\"><\/div>\n\t\t<\/div>\n\t\t\t\t\t\t<\/div>\n\t\t\t\t<\/div>\n\t\t\t\t<div class=\"elementor-element elementor-element-73ebcbb elementor-invisible elementor-widget elementor-widget-image\" data-id=\"73ebcbb\" data-element_type=\"widget\" data-e-type=\"widget\" data-settings=\"{&quot;_animation&quot;:&quot;fadeIn&quot;,&quot;_animation_delay&quot;:800}\" data-widget_type=\"image.default\">\n\t\t\t\t<div class=\"elementor-widget-container\">\n\t\t\t\t\t\t\t\t\t\t\t\t\t\t\t<img fetchpriority=\"high\" decoding=\"async\" width=\"405\" height=\"341\" src=\"https:\/\/www.feelcalabria.com\/wp-content\/uploads\/2023\/02\/cropped-feelcalabria-Logo.png\" class=\"attachment-large size-large wp-image-35\" alt=\"\" srcset=\"https:\/\/www.feelcalabria.com\/wp-content\/uploads\/2023\/02\/cropped-feelcalabria-Logo.png 405w, https:\/\/www.feelcalabria.com\/wp-content\/uploads\/2023\/02\/cropped-feelcalabria-Logo-300x253.png 300w, https:\/\/www.feelcalabria.com\/wp-content\/uploads\/2023\/02\/cropped-feelcalabria-Logo-200x168.png 200w, https:\/\/www.feelcalabria.com\/wp-content\/uploads\/2023\/02\/cropped-feelcalabria-Logo-213x179.png 213w\" sizes=\"(max-width: 405px) 100vw, 405px\" \/>\t\t\t\t\t\t\t\t\t\t\t\t\t\t\t<\/div>\n\t\t\t\t<\/div>\n\t\t\t\t\t<\/div>\n\t\t<\/div>\n\t\t\t\t\t<\/div>\n\t\t<\/section>\n\t\t\t\t<\/div>\n\t\t","protected":false},"excerpt":{"rendered":"<p>chi sono Benvenuti in un mondo di esperienze indimenticabili in Calabria! Sono Isabella e da oltre 20 anni vivo in questo territorio meraviglioso. Sono fiera di essere parte di questa comunit\u00e0 e di poter condividere con voi la mia passione per questa terra. io e la Calabria Immaginate di esplorare i paesaggi mozzafiato della Calabria [&hellip;]<\/p>\n","protected":false},"author":1,"featured_media":0,"parent":0,"menu_order":0,"comment_status":"closed","ping_status":"closed","template":"","meta":{"footnotes":""},"class_list":["post-1186","page","type-page","status-publish","hentry"],"yoast_head":"<!-- This site is optimized with the Yoast SEO plugin v28.3 - https:\/\/yoast.com\/product\/yoast-seo-wordpress\/ -->\n<title>Chi sono - Feel Calabria - Poczuj Kalabri\u0119<\/title>\n<meta name=\"robots\" content=\"index, follow, max-snippet:-1, max-image-preview:large, max-video-preview:-1\" \/>\n<link rel=\"canonical\" href=\"https:\/\/www.feelcalabria.com\/it\/chi-sono\/\" \/>\n<meta property=\"og:locale\" content=\"it_IT\" \/>\n<meta property=\"og:type\" content=\"article\" \/>\n<meta property=\"og:title\" content=\"Chi sono - Feel Calabria - Poczuj Kalabri\u0119\" \/>\n<meta property=\"og:description\" content=\"chi sono Benvenuti in un mondo di esperienze indimenticabili in Calabria! Sono Isabella e da oltre 20 anni vivo in questo territorio meraviglioso. Sono fiera di essere parte di questa comunit\u00e0 e di poter condividere con voi la mia passione per questa terra. io e la Calabria Immaginate di esplorare i paesaggi mozzafiato della Calabria [&hellip;]\" \/>\n<meta property=\"og:url\" content=\"https:\/\/www.feelcalabria.com\/it\/chi-sono\/\" \/>\n<meta property=\"og:site_name\" content=\"Feel Calabria - Poczuj Kalabri\u0119\" \/>\n<meta property=\"article:publisher\" content=\"https:\/\/www.facebook.com\/profile.php?id=61552489387714\" \/>\n<meta property=\"article:modified_time\" content=\"2023-10-21T14:11:57+00:00\" \/>\n<meta property=\"og:image\" content=\"https:\/\/www.feelcalabria.com\/wp-content\/uploads\/2023\/02\/cropped-feelcalabria-Logo.png\" \/>\n<meta name=\"twitter:card\" content=\"summary_large_image\" \/>\n<meta name=\"twitter:label1\" content=\"Tempo di lettura stimato\" \/>\n\t<meta name=\"twitter:data1\" content=\"2 minuti\" \/>\n<script type=\"application\/ld+json\" class=\"yoast-schema-graph\">{\"@context\":\"https:\\\/\\\/schema.org\",\"@graph\":[{\"@type\":\"WebPage\",\"@id\":\"https:\\\/\\\/www.feelcalabria.com\\\/it\\\/chi-sono\\\/\",\"url\":\"https:\\\/\\\/www.feelcalabria.com\\\/it\\\/chi-sono\\\/\",\"name\":\"Chi sono - Feel Calabria - Poczuj Kalabri\u0119\",\"isPartOf\":{\"@id\":\"https:\\\/\\\/www.feelcalabria.com\\\/it\\\/#website\"},\"primaryImageOfPage\":{\"@id\":\"https:\\\/\\\/www.feelcalabria.com\\\/it\\\/chi-sono\\\/#primaryimage\"},\"image\":{\"@id\":\"https:\\\/\\\/www.feelcalabria.com\\\/it\\\/chi-sono\\\/#primaryimage\"},\"thumbnailUrl\":\"https:\\\/\\\/www.feelcalabria.com\\\/wp-content\\\/uploads\\\/2023\\\/02\\\/cropped-feelcalabria-Logo.png\",\"datePublished\":\"2023-03-04T10:57:20+00:00\",\"dateModified\":\"2023-10-21T14:11:57+00:00\",\"breadcrumb\":{\"@id\":\"https:\\\/\\\/www.feelcalabria.com\\\/it\\\/chi-sono\\\/#breadcrumb\"},\"inLanguage\":\"it-IT\",\"potentialAction\":[{\"@type\":\"ReadAction\",\"target\":[\"https:\\\/\\\/www.feelcalabria.com\\\/it\\\/chi-sono\\\/\"]}]},{\"@type\":\"ImageObject\",\"inLanguage\":\"it-IT\",\"@id\":\"https:\\\/\\\/www.feelcalabria.com\\\/it\\\/chi-sono\\\/#primaryimage\",\"url\":\"https:\\\/\\\/www.feelcalabria.com\\\/wp-content\\\/uploads\\\/2023\\\/02\\\/cropped-feelcalabria-Logo.png\",\"contentUrl\":\"https:\\\/\\\/www.feelcalabria.com\\\/wp-content\\\/uploads\\\/2023\\\/02\\\/cropped-feelcalabria-Logo.png\"},{\"@type\":\"BreadcrumbList\",\"@id\":\"https:\\\/\\\/www.feelcalabria.com\\\/it\\\/chi-sono\\\/#breadcrumb\",\"itemListElement\":[{\"@type\":\"ListItem\",\"position\":1,\"name\":\"Strona g\u0142\u00f3wna\",\"item\":\"https:\\\/\\\/www.feelcalabria.com\\\/it\\\/\"},{\"@type\":\"ListItem\",\"position\":2,\"name\":\"Chi sono\"}]},{\"@type\":\"WebSite\",\"@id\":\"https:\\\/\\\/www.feelcalabria.com\\\/it\\\/#website\",\"url\":\"https:\\\/\\\/www.feelcalabria.com\\\/it\\\/\",\"name\":\"Feel Calabria - Poczuj Kalabri\u0119\",\"description\":\"\",\"publisher\":{\"@id\":\"https:\\\/\\\/www.feelcalabria.com\\\/it\\\/#organization\"},\"potentialAction\":[{\"@type\":\"SearchAction\",\"target\":{\"@type\":\"EntryPoint\",\"urlTemplate\":\"https:\\\/\\\/www.feelcalabria.com\\\/it\\\/?s={search_term_string}\"},\"query-input\":{\"@type\":\"PropertyValueSpecification\",\"valueRequired\":true,\"valueName\":\"search_term_string\"}}],\"inLanguage\":\"it-IT\"},{\"@type\":\"Organization\",\"@id\":\"https:\\\/\\\/www.feelcalabria.com\\\/it\\\/#organization\",\"name\":\"Feel Calabria - Poczuj Kalabri\u0119\",\"url\":\"https:\\\/\\\/www.feelcalabria.com\\\/it\\\/\",\"logo\":{\"@type\":\"ImageObject\",\"inLanguage\":\"it-IT\",\"@id\":\"https:\\\/\\\/www.feelcalabria.com\\\/it\\\/#\\\/schema\\\/logo\\\/image\\\/\",\"url\":\"https:\\\/\\\/www.feelcalabria.com\\\/wp-content\\\/uploads\\\/2023\\\/02\\\/cropped-feelcalabria-Logo.png\",\"contentUrl\":\"https:\\\/\\\/www.feelcalabria.com\\\/wp-content\\\/uploads\\\/2023\\\/02\\\/cropped-feelcalabria-Logo.png\",\"width\":405,\"height\":341,\"caption\":\"Feel Calabria - Poczuj Kalabri\u0119\"},\"image\":{\"@id\":\"https:\\\/\\\/www.feelcalabria.com\\\/it\\\/#\\\/schema\\\/logo\\\/image\\\/\"},\"sameAs\":[\"https:\\\/\\\/www.facebook.com\\\/profile.php?id=61552489387714\",\"https:\\\/\\\/www.instagram.com\\\/feelcalabria\\\/\",\"https:\\\/\\\/www.youtube.com\\\/@PoczujKalabrie\\\/\"]}]}<\/script>\n<!-- \/ Yoast SEO plugin. -->","yoast_head_json":{"title":"Chi sono - Feel Calabria - Poczuj Kalabri\u0119","robots":{"index":"index","follow":"follow","max-snippet":"max-snippet:-1","max-image-preview":"max-image-preview:large","max-video-preview":"max-video-preview:-1"},"canonical":"https:\/\/www.feelcalabria.com\/it\/chi-sono\/","og_locale":"it_IT","og_type":"article","og_title":"Chi sono - Feel Calabria - Poczuj Kalabri\u0119","og_description":"chi sono Benvenuti in un mondo di esperienze indimenticabili in Calabria! Sono Isabella e da oltre 20 anni vivo in questo territorio meraviglioso. Sono fiera di essere parte di questa comunit\u00e0 e di poter condividere con voi la mia passione per questa terra. io e la Calabria Immaginate di esplorare i paesaggi mozzafiato della Calabria [&hellip;]","og_url":"https:\/\/www.feelcalabria.com\/it\/chi-sono\/","og_site_name":"Feel Calabria - Poczuj Kalabri\u0119","article_publisher":"https:\/\/www.facebook.com\/profile.php?id=61552489387714","article_modified_time":"2023-10-21T14:11:57+00:00","og_image":[{"url":"https:\/\/www.feelcalabria.com\/wp-content\/uploads\/2023\/02\/cropped-feelcalabria-Logo.png","type":"","width":"","height":""}],"twitter_card":"summary_large_image","twitter_misc":{"Tempo di lettura stimato":"2 minuti"},"schema":{"@context":"https:\/\/schema.org","@graph":[{"@type":"WebPage","@id":"https:\/\/www.feelcalabria.com\/it\/chi-sono\/","url":"https:\/\/www.feelcalabria.com\/it\/chi-sono\/","name":"Chi sono - Feel Calabria - Poczuj Kalabri\u0119","isPartOf":{"@id":"https:\/\/www.feelcalabria.com\/it\/#website"},"primaryImageOfPage":{"@id":"https:\/\/www.feelcalabria.com\/it\/chi-sono\/#primaryimage"},"image":{"@id":"https:\/\/www.feelcalabria.com\/it\/chi-sono\/#primaryimage"},"thumbnailUrl":"https:\/\/www.feelcalabria.com\/wp-content\/uploads\/2023\/02\/cropped-feelcalabria-Logo.png","datePublished":"2023-03-04T10:57:20+00:00","dateModified":"2023-10-21T14:11:57+00:00","breadcrumb":{"@id":"https:\/\/www.feelcalabria.com\/it\/chi-sono\/#breadcrumb"},"inLanguage":"it-IT","potentialAction":[{"@type":"ReadAction","target":["https:\/\/www.feelcalabria.com\/it\/chi-sono\/"]}]},{"@type":"ImageObject","inLanguage":"it-IT","@id":"https:\/\/www.feelcalabria.com\/it\/chi-sono\/#primaryimage","url":"https:\/\/www.feelcalabria.com\/wp-content\/uploads\/2023\/02\/cropped-feelcalabria-Logo.png","contentUrl":"https:\/\/www.feelcalabria.com\/wp-content\/uploads\/2023\/02\/cropped-feelcalabria-Logo.png"},{"@type":"BreadcrumbList","@id":"https:\/\/www.feelcalabria.com\/it\/chi-sono\/#breadcrumb","itemListElement":[{"@type":"ListItem","position":1,"name":"Strona g\u0142\u00f3wna","item":"https:\/\/www.feelcalabria.com\/it\/"},{"@type":"ListItem","position":2,"name":"Chi sono"}]},{"@type":"WebSite","@id":"https:\/\/www.feelcalabria.com\/it\/#website","url":"https:\/\/www.feelcalabria.com\/it\/","name":"Feel Calabria - Poczuj Kalabri\u0119","description":"","publisher":{"@id":"https:\/\/www.feelcalabria.com\/it\/#organization"},"potentialAction":[{"@type":"SearchAction","target":{"@type":"EntryPoint","urlTemplate":"https:\/\/www.feelcalabria.com\/it\/?s={search_term_string}"},"query-input":{"@type":"PropertyValueSpecification","valueRequired":true,"valueName":"search_term_string"}}],"inLanguage":"it-IT"},{"@type":"Organization","@id":"https:\/\/www.feelcalabria.com\/it\/#organization","name":"Feel Calabria - Poczuj Kalabri\u0119","url":"https:\/\/www.feelcalabria.com\/it\/","logo":{"@type":"ImageObject","inLanguage":"it-IT","@id":"https:\/\/www.feelcalabria.com\/it\/#\/schema\/logo\/image\/","url":"https:\/\/www.feelcalabria.com\/wp-content\/uploads\/2023\/02\/cropped-feelcalabria-Logo.png","contentUrl":"https:\/\/www.feelcalabria.com\/wp-content\/uploads\/2023\/02\/cropped-feelcalabria-Logo.png","width":405,"height":341,"caption":"Feel Calabria - Poczuj Kalabri\u0119"},"image":{"@id":"https:\/\/www.feelcalabria.com\/it\/#\/schema\/logo\/image\/"},"sameAs":["https:\/\/www.facebook.com\/profile.php?id=61552489387714","https:\/\/www.instagram.com\/feelcalabria\/","https:\/\/www.youtube.com\/@PoczujKalabrie\/"]}]}},"_links":{"self":[{"href":"https:\/\/www.feelcalabria.com\/it\/wp-json\/wp\/v2\/pages\/1186","targetHints":{"allow":["GET"]}}],"collection":[{"href":"https:\/\/www.feelcalabria.com\/it\/wp-json\/wp\/v2\/pages"}],"about":[{"href":"https:\/\/www.feelcalabria.com\/it\/wp-json\/wp\/v2\/types\/page"}],"author":[{"embeddable":true,"href":"https:\/\/www.feelcalabria.com\/it\/wp-json\/wp\/v2\/users\/1"}],"replies":[{"embeddable":true,"href":"https:\/\/www.feelcalabria.com\/it\/wp-json\/wp\/v2\/comments?post=1186"}],"version-history":[{"count":3,"href":"https:\/\/www.feelcalabria.com\/it\/wp-json\/wp\/v2\/pages\/1186\/revisions"}],"predecessor-version":[{"id":1219,"href":"https:\/\/www.feelcalabria.com\/it\/wp-json\/wp\/v2\/pages\/1186\/revisions\/1219"}],"wp:attachment":[{"href":"https:\/\/www.feelcalabria.com\/it\/wp-json\/wp\/v2\/media?parent=1186"}],"curies":[{"name":"wp","href":"https:\/\/api.w.org\/{rel}","templated":true}]}}